{"id":715,"date":"2021-04-05T16:42:51","date_gmt":"2021-04-05T20:42:51","guid":{"rendered":"https:\/\/perceides.ca\/etatsgenerauxartsmediatiquesgaspesie\/?post_type=conferenciers&#038;p=715"},"modified":"2021-04-18T14:38:47","modified_gmt":"2021-04-18T18:38:47","slug":"guillaume-vallee","status":"publish","type":"conferenciers","link":"https:\/\/perceides.ca\/etatsgenerauxartsmediatiquesgaspesie\/conferenciers\/guillaume-vallee\/","title":{"rendered":"GUILLAUME VALL\u00c9E"},"content":{"rendered":"\n<p>Cin\u00e9aste exp\u00e9rimental, artiste vid\u00e9o et commissaire ind\u00e9pendant, Guillaume Vall\u00e9e est dipl\u00f4m\u00e9 de l&#8217;Universit\u00e9 Concordia en cin\u00e9ma d&#8217;animation et titulaire d&#8217;un MFA in Studio Arts &#8211; Film Production. Il s&#8217;int\u00e9resse \u00e0 toutes formes alternatives de l&#8217;image en mouvement. Son travail fait usage de diff\u00e9rentes techniques techno-artisanales en explorant la mat\u00e9rialit\u00e9 m\u00e9diatique par des interventions directes, des manipulations optiques et de la distorsion analogique dans le but de cr\u00e9er des oeuvres hybrides et \u00e9largies. Il travaille principalement en Super8, 16mm et VHS.<br>Vall\u00e9e questionne les notions de r\u00e9appropriation et de recyclage, en traitant tout mat\u00e9riau comme du found footage au sein d&#8217;une pratique uniquement collaborative, dans le cadre de cr\u00e9ations filmiques, vid\u00e9ographiques et performatives. Ses performances audiovisuelles ont \u00e9t\u00e9 pr\u00e9sent\u00e9es dans une multitude de festivals au Canada, aux \u00c9tats-Unis, en France, en Italie, au Japon et en Autriche et ses films et vid\u00e9os exp\u00e9rimentaux, en distribution chez Vid\u00e9ographe et Winnipeg Film Group, ont \u00e9t\u00e9 pr\u00e9sent\u00e9s internationalement. Son travail a \u00e9t\u00e9 r\u00e9compens\u00e9 2013, pour The Yellow Ghost (Grand Prix D\u00e9rapage), en 2016 au festival WNDX (Festival of Moving Image) pour son court-m\u00e9trage, Le bulbe tragique (&#8221;Best Canadian Work&#8221;) et il fait gris dans ta t\u00eate, tout \u00e0 coup, un vid\u00e9opo\u00e8me co-r\u00e9alis\u00e9 avec l&#8217;artiste Sarah Seen\u00e9, dans le cadre du Festival de la Po\u00e9sie de Montr\u00e9al (Grand Prix Vid\u00e9o-Po\u00e9sie 2018).<br>Vall\u00e9e travaille en th\u00e9\u00e2tre, avec sa premi\u00e8re conception vid\u00e9o pour la pi\u00e8ce Aalaapi &#8211; \u140b\u14db\u1431 , pr\u00e9sent\u00e9e au Centre du Th\u00e9\u00e2tre d&#8217;Aujourd&#8217;hui au d\u00e9but 2019. Il r\u00e9alise aussi des vid\u00e9oclips pour diff\u00e9rents musicien-nes d&#8217;ici et d&#8217;ailleurs (C\u00e9drik St-Onge, Hazy Montagne Mystique, Jean S\u00e9bastien Truchy, Darrick, parmi tant d&#8217;autres).<br>Guillaume Vall\u00e9e a \u00e9t\u00e9 artiste en r\u00e9sidence \u00e0 La Bande Vid\u00e9o (Qu\u00e9bec, Canada) en 2017 et \u00e0 Le Fresnoy &#8211; studio national des arts contemporains (Tourcoing, FR) et Signal Culture (Owego, \u00c9-U) en 2018. Il est maintenant en r\u00e9sidence chez Main Film, dans le cadre de La Manufacture de Films (2019-2020).<\/p>\n","protected":false},"featured_media":716,"template":"","role":[16],"class_list":["post-715","conferenciers","type-conferenciers","status-publish","has-post-thumbnail","hentry","role-conferenciers"],"_links":{"self":[{"href":"https:\/\/perceides.ca\/etatsgenerauxartsmediatiquesgaspesie\/wp-json\/wp\/v2\/conferenciers\/715","targetHints":{"allow":["GET"]}}],"collection":[{"href":"https:\/\/perceides.ca\/etatsgenerauxartsmediatiquesgaspesie\/wp-json\/wp\/v2\/conferenciers"}],"about":[{"href":"https:\/\/perceides.ca\/etatsgenerauxartsmediatiquesgaspesie\/wp-json\/wp\/v2\/types\/conferenciers"}],"wp:featuredmedia":[{"embeddable":true,"href":"https:\/\/perceides.ca\/etatsgenerauxartsmediatiquesgaspesie\/wp-json\/wp\/v2\/media\/716"}],"wp:attachment":[{"href":"https:\/\/perceides.ca\/etatsgenerauxartsmediatiquesgaspesie\/wp-json\/wp\/v2\/media?parent=715"}],"wp:term":[{"taxonomy":"role","embeddable":true,"href":"https:\/\/perceides.ca\/etatsgenerauxartsmediatiquesgaspesie\/wp-json\/wp\/v2\/role?post=715"}],"curies":[{"name":"wp","href":"https:\/\/api.w.org\/{rel}","templated":true}]}}