{"id":13320,"date":"2021-07-04T15:49:32","date_gmt":"2021-07-04T20:49:32","guid":{"rendered":"http:\/\/perceides.ca\/grande-rencontre2021\/?page_id=13320"},"modified":"2021-09-02T12:53:54","modified_gmt":"2021-09-02T17:53:54","slug":"edition-2021","status":"publish","type":"page","link":"https:\/\/perceides.ca\/grande-rencontre2021\/","title":{"rendered":"\u00c9dition 2021"},"content":{"rendered":"\t\t<div data-elementor-type=\"wp-page\" data-elementor-id=\"13320\" class=\"elementor elementor-13320\" data-elementor-settings=\"[]\">\n\t\t\t\t\t\t\t<div class=\"elementor-section-wrap\">\n\t\t\t\t\t\t\t<section class=\"elementor-section elementor-top-section elementor-element elementor-element-5aaeb99 elementor-section-boxed elementor-section-height-default elementor-section-height-default\" data-id=\"5aaeb99\" data-element_type=\"section\" data-settings=\"{&quot;background_background&quot;:&quot;classic&quot;}\">\n\t\t\t\t\t\t<div class=\"elementor-container elementor-column-gap-wide\">\n\t\t\t\t\t<div class=\"elementor-column elementor-col-50 elementor-top-column elementor-element elementor-element-8d42080\" data-id=\"8d42080\" data-element_type=\"column\">\n\t\t\t<div class=\"elementor-widget-wrap elementor-element-populated\">\n\t\t\t\t\t\t\t\t<div class=\"elementor-element elementor-element-26c306f elementor-widget elementor-widget-heading\" data-id=\"26c306f\" data-element_type=\"widget\" data-widget_type=\"heading.default\">\n\t\t\t\t<div class=\"elementor-widget-container\">\n\t\t\t<h2 class=\"elementor-heading-title elementor-size-default\">\u00c9dition 2021<\/h2>\t\t<\/div>\n\t\t\t\t<\/div>\n\t\t\t\t<div class=\"elementor-element elementor-element-7f7577b elementor-widget elementor-widget-text-editor\" data-id=\"7f7577b\" data-element_type=\"widget\" data-widget_type=\"text-editor.default\">\n\t\t\t\t<div class=\"elementor-widget-container\">\n\t\t\t\t\t\t\t<p>Il me fait plaisir d\u2019assurer le commissariat de La Grande rencontre des arts m\u00e9diatiques en Gasp\u00e9sie 2021. Apr\u00e8s une pause en 2020, nous continuions \u00e0 soutenir les pratiques artistiques ind\u00e9pendantes et \u00e0 cr\u00e9er un \u00e9v\u00e9nement rassembleur centr\u00e9 sur les arts m\u00e9diatiques et les pratiques exp\u00e9rimentales contemporaines qui en d\u00e9coulent. Pr\u00e9senter une programmation d\u2019art m\u00e9diatique en Gasp\u00e9sie permet de d\u00e9centraliser de mani\u00e8re rafra\u00eechissante la cr\u00e9ation souvent concentr\u00e9e dans les p\u00f4les urbains.<\/p><p>Cette ann\u00e9e, l\u2019\u00e9dition inclut deux programmes de court-m\u00e9trages, une table-ronde avec les artistes pr\u00e9sent.e.s, trois soir\u00e9es de performances audio-visuelles en salle, une intervention sonore in situ sur la plage de Perc\u00e9, au abord du Rocher Perc\u00e9. La Grande rencontre des arts m\u00e9diatiques en Gasp\u00e9sie encourage les artistes \u00e9mergents et mi-carri\u00e8res qui d\u00e9veloppent une production inventive et une pratique exploratoire.<\/p><p>La programmation de la Grande rencontre cherche \u00e0 \u00e9largir la r\u00e9flexion critique sur la technologie et la soci\u00e9t\u00e9. Qu&#8217;elle soit analogique, num\u00e9rique ou m\u00e9diatique, la technologie est consid\u00e9r\u00e9e comme un moyen v\u00e9hiculant des id\u00e9es, et non une fin en soi. Les \u0153uvres pr\u00e9sent\u00e9es articulent des th\u00e8mes en relation avec la nature, l\u2019encrage et l\u2019\u00e9tude approfondit du territoire, d\u2019autres productions interrogent l\u2019archive, la m\u00e9moire, les espaces intimes, les d\u00e9veloppements urbains, les comportements humains : d\u2019autres se concentrent sur les recherches formelles et questionnent la mati\u00e8re. La mat\u00e9rialit\u00e9 du m\u00e9dium, l&#8217;accent mis sur l\u2019objet et le paysage, occupent une place importante au sein de l\u2019\u00e9dition 2021.<\/p><p>La relation entre le sonore et le visuel est \u00e9galement \u00e9tudi\u00e9e : les deux \u00e9l\u00e9ments s\u2019alimentent et s\u2019inspirent mutuellement, et font place \u00e0 l\u2019imaginaire. Le sonore et le visuel questionnent aussi les lieux. La Grande rencontre offre diff\u00e9rents contextes, soit immersif et in situ, qui permettent d\u2019exp\u00e9rimenter la dimension sonore. Les lieux physiques sont ainsi mis en valeur : le Centre d\u2019Art, architecture rustique, et le littoral de Perc\u00e9.<\/p><p><strong>Merci \u00e0 mes coll\u00e8gues, aux partenaires et \u00e0 tous les artistes impliqu\u00e9.e.s dans cette 6e \u00e9dition!<\/strong><\/p><p>Esther Bourdages,<br \/>Commissaire, Grande rencontre des arts m\u00e9diatiques en Gasp\u00e9sie<\/p>\t\t\t\t\t\t<\/div>\n\t\t\t\t<\/div>\n\t\t\t\t\t<\/div>\n\t\t<\/div>\n\t\t\t\t<div class=\"elementor-column elementor-col-50 elementor-top-column elementor-element elementor-element-ec3b3de\" data-id=\"ec3b3de\" data-element_type=\"column\">\n\t\t\t<div class=\"elementor-widget-wrap elementor-element-populated\">\n\t\t\t\t\t\t\t\t<div class=\"elementor-element elementor-element-6e7e09d elementor-widget elementor-widget-image\" data-id=\"6e7e09d\" data-element_type=\"widget\" data-widget_type=\"image.default\">\n\t\t\t\t<div class=\"elementor-widget-container\">\n\t\t\t\t\t\t\t\t\t\t\t\t\t\t\t<img src=\"https:\/\/perceides.ca\/grande-rencontre2021\/wp-content\/uploads\/2021\/07\/AFFICHE_POUR_WEB_plus_large_1.jpg\" title=\"AFFICHE_POUR_WEB_plus_large_1\" alt=\"AFFICHE_POUR_WEB_plus_large_1\" \/>\t\t\t\t\t\t\t\t\t\t\t\t\t\t\t<\/div>\n\t\t\t\t<\/div>\n\t\t\t\t<div class=\"elementor-element elementor-element-a2f6404 elementor-shape-rounded elementor-grid-0 e-grid-align-center elementor-widget elementor-widget-social-icons\" data-id=\"a2f6404\" data-element_type=\"widget\" data-widget_type=\"social-icons.default\">\n\t\t\t\t<div class=\"elementor-widget-container\">\n\t\t\t\t\t<div class=\"elementor-social-icons-wrapper elementor-grid\">\n\t\t\t\t\t\t\t<span class=\"elementor-grid-item\">\n\t\t\t\t\t<a class=\"elementor-icon elementor-social-icon elementor-social-icon-facebook elementor-repeater-item-2a6cd51\" href=\"http:\/\/www.facebook.com\/perceides\" target=\"_blank\">\n\t\t\t\t\t\t<span class=\"elementor-screen-only\">Facebook<\/span>\n\t\t\t\t\t\t<i class=\"fab fa-facebook\"><\/i>\t\t\t\t\t<\/a>\n\t\t\t\t<\/span>\n\t\t\t\t\t\t\t<span class=\"elementor-grid-item\">\n\t\t\t\t\t<a class=\"elementor-icon elementor-social-icon elementor-social-icon-twitter elementor-repeater-item-f8efb6e\" href=\"https:\/\/twitter.com\/wwwperceidesca\" target=\"_blank\">\n\t\t\t\t\t\t<span class=\"elementor-screen-only\">Twitter<\/span>\n\t\t\t\t\t\t<i class=\"fab fa-twitter\"><\/i>\t\t\t\t\t<\/a>\n\t\t\t\t<\/span>\n\t\t\t\t\t\t\t<span class=\"elementor-grid-item\">\n\t\t\t\t\t<a class=\"elementor-icon elementor-social-icon elementor-social-icon-instagram elementor-repeater-item-c268f62\" href=\"http:\/\/www.instagram.com\/festivallesperceides\" target=\"_blank\">\n\t\t\t\t\t\t<span class=\"elementor-screen-only\">Instagram<\/span>\n\t\t\t\t\t\t<i class=\"fab fa-instagram\"><\/i>\t\t\t\t\t<\/a>\n\t\t\t\t<\/span>\n\t\t\t\t\t\t\t<span class=\"elementor-grid-item\">\n\t\t\t\t\t<a class=\"elementor-icon elementor-social-icon elementor-social-icon-vimeo elementor-repeater-item-589c6c0\" href=\"https:\/\/vimeo.com\/lesperceides\" target=\"_blank\">\n\t\t\t\t\t\t<span class=\"elementor-screen-only\">Vimeo<\/span>\n\t\t\t\t\t\t<i class=\"fab fa-vimeo\"><\/i>\t\t\t\t\t<\/a>\n\t\t\t\t<\/span>\n\t\t\t\t\t<\/div>\n\t\t\t\t<\/div>\n\t\t\t\t<\/div>\n\t\t\t\t\t<\/div>\n\t\t<\/div>\n\t\t\t\t\t\t\t<\/div>\n\t\t<\/section>\n\t\t\t\t<section class=\"elementor-section elementor-top-section elementor-element elementor-element-74134fc elementor-section-boxed elementor-section-height-default elementor-section-height-default\" data-id=\"74134fc\" data-element_type=\"section\">\n\t\t\t\t\t\t<div class=\"elementor-container elementor-column-gap-default\">\n\t\t\t\t\t<div class=\"elementor-column elementor-col-100 elementor-top-column elementor-element elementor-element-8ed9669\" data-id=\"8ed9669\" data-element_type=\"column\">\n\t\t\t<div class=\"elementor-widget-wrap elementor-element-populated\">\n\t\t\t\t\t\t\t\t<div class=\"elementor-element elementor-element-fea0196 elementor-widget elementor-widget-text-editor\" data-id=\"fea0196\" data-element_type=\"widget\" data-widget_type=\"text-editor.default\">\n\t\t\t\t<div class=\"elementor-widget-container\">\n\t\t\t\t\t\t\t\t\t\t\t\t\t<\/div>\n\t\t\t\t<\/div>\n\t\t\t\t\t<\/div>\n\t\t<\/div>\n\t\t\t\t\t\t\t<\/div>\n\t\t<\/section>\n\t\t\t\t<section class=\"elementor-section elementor-top-section elementor-element elementor-element-6f13538 elementor-section-boxed elementor-section-height-default elementor-section-height-default\" data-id=\"6f13538\" data-element_type=\"section\">\n\t\t\t\t\t\t<div class=\"elementor-container elementor-column-gap-default\">\n\t\t\t\t\t<div class=\"elementor-column elementor-col-100 elementor-top-column elementor-element elementor-element-67a2086\" data-id=\"67a2086\" data-element_type=\"column\">\n\t\t\t<div class=\"elementor-widget-wrap\">\n\t\t\t\t\t\t\t\t\t<\/div>\n\t\t<\/div>\n\t\t\t\t\t\t\t<\/div>\n\t\t<\/section>\n\t\t\t\t<section class=\"elementor-section elementor-top-section elementor-element elementor-element-b22afe7 elementor-section-boxed elementor-section-height-default elementor-section-height-default\" data-id=\"b22afe7\" data-element_type=\"section\">\n\t\t\t\t\t\t<div class=\"elementor-container elementor-column-gap-default\">\n\t\t\t\t\t<div class=\"elementor-column elementor-col-100 elementor-top-column elementor-element elementor-element-835a568\" data-id=\"835a568\" data-element_type=\"column\">\n\t\t\t<div class=\"elementor-widget-wrap elementor-element-populated\">\n\t\t\t\t\t\t\t\t<div class=\"elementor-element elementor-element-8e31be2 elementor-aspect-ratio-169 elementor-widget elementor-widget-video\" data-id=\"8e31be2\" data-element_type=\"widget\" data-settings=\"{&quot;video_type&quot;:&quot;vimeo&quot;,&quot;aspect_ratio&quot;:&quot;169&quot;}\" data-widget_type=\"video.default\">\n\t\t\t\t<div class=\"elementor-widget-container\">\n\t\t\t\t\t<div class=\"elementor-wrapper elementor-fit-aspect-ratio elementor-open-inline\">\n\t\t\t<iframe class=\"elementor-video-iframe\" allowfullscreen title=\"Lecteur vid\u00e9o vimeo\" src=\"https:\/\/player.vimeo.com\/video\/593901538?color&amp;autopause=0&amp;loop=0&amp;muted=0&amp;title=1&amp;portrait=1&amp;byline=1#t=\"><\/iframe>\t\t<\/div>\n\t\t\t\t<\/div>\n\t\t\t\t<\/div>\n\t\t\t\t\t<\/div>\n\t\t<\/div>\n\t\t\t\t\t\t\t<\/div>\n\t\t<\/section>\n\t\t\t\t\t\t<\/div>\n\t\t\t\t\t<\/div>\n\t\t","protected":false},"excerpt":{"rendered":"<p>\u00c9dition 2021 Il me fait plaisir d\u2019assurer le commissariat de La Grande rencontre des arts m\u00e9diatiques en Gasp\u00e9sie 2021. Apr\u00e8s une pause en 2020, nous continuions \u00e0 soutenir les pratiques artistiques ind\u00e9pendantes et \u00e0 cr\u00e9er un \u00e9v\u00e9nement rassembleur centr\u00e9 sur les arts m\u00e9diatiques et les pratiques exp\u00e9rimentales contemporaines qui en d\u00e9coulent. Pr\u00e9senter une programmation d\u2019art [&hellip;]<\/p>\n","protected":false},"author":18,"featured_media":15256,"parent":0,"menu_order":0,"comment_status":"open","ping_status":"closed","template":"","meta":[],"yoast_head":"<!-- This site is optimized with the Yoast SEO plugin v16.9 - https:\/\/yoast.com\/wordpress\/plugins\/seo\/ -->\n<title>\u00c9dition 2021 - 6e Grande Rencontre des arts m\u00e9diatiques en Gasp\u00e9sie<\/title>\n<meta name=\"robots\" content=\"index, follow, max-snippet:-1, max-image-preview:large, max-video-preview:-1\" \/>\n<link rel=\"canonical\" href=\"https:\/\/perceides.ca\/grande-rencontre2021\/\" \/>\n<meta property=\"og:locale\" content=\"fr_FR\" \/>\n<meta property=\"og:type\" content=\"article\" \/>\n<meta property=\"og:title\" content=\"\u00c9dition 2021 - 6e Grande Rencontre des arts m\u00e9diatiques en Gasp\u00e9sie\" \/>\n<meta property=\"og:description\" content=\"\u00c9dition 2021 Il me fait plaisir d\u2019assurer le commissariat de La Grande rencontre des arts m\u00e9diatiques en Gasp\u00e9sie 2021. Apr\u00e8s une pause en 2020, nous continuions \u00e0 soutenir les pratiques artistiques ind\u00e9pendantes et \u00e0 cr\u00e9er un \u00e9v\u00e9nement rassembleur centr\u00e9 sur les arts m\u00e9diatiques et les pratiques exp\u00e9rimentales contemporaines qui en d\u00e9coulent. Pr\u00e9senter une programmation d\u2019art [&hellip;]\" \/>\n<meta property=\"og:url\" content=\"https:\/\/perceides.ca\/grande-rencontre2021\/\" \/>\n<meta property=\"og:site_name\" content=\"6e Grande Rencontre des arts m\u00e9diatiques en Gasp\u00e9sie\" \/>\n<meta property=\"article:modified_time\" content=\"2021-09-02T17:53:54+00:00\" \/>\n<meta property=\"og:image\" content=\"https:\/\/perceides.ca\/grande-rencontre2021\/wp-content\/uploads\/2021\/09\/perceides-grandes-rencontres-poster02Bcrop2.jpg\" \/>\n\t<meta property=\"og:image:width\" content=\"952\" \/>\n\t<meta property=\"og:image:height\" content=\"599\" \/>\n<meta name=\"twitter:card\" content=\"summary_large_image\" \/>\n<meta name=\"twitter:label1\" content=\"Dur\u00e9e de lecture est.\" \/>\n\t<meta name=\"twitter:data1\" content=\"2 minutes\" \/>\n<script type=\"application\/ld+json\" class=\"yoast-schema-graph\">{\"@context\":\"https:\/\/schema.org\",\"@graph\":[{\"@type\":\"Organization\",\"@id\":\"https:\/\/perceides.ca\/grande-rencontre2021\/#organization\",\"name\":\"Grande rencontre des arts m\\u00e9diatiques en Gasp\\u00e9sie\",\"url\":\"https:\/\/perceides.ca\/grande-rencontre2021\/\",\"sameAs\":[],\"logo\":{\"@type\":\"ImageObject\",\"@id\":\"https:\/\/perceides.ca\/grande-rencontre2021\/#logo\",\"inLanguage\":\"fr-FR\",\"url\":\"https:\/\/perceides.ca\/grande-rencontre2021\/wp-content\/uploads\/2021\/09\/perceides-grandes-rencontres-poster02Bcrop2.jpg\",\"contentUrl\":\"https:\/\/perceides.ca\/grande-rencontre2021\/wp-content\/uploads\/2021\/09\/perceides-grandes-rencontres-poster02Bcrop2.jpg\",\"width\":952,\"height\":599,\"caption\":\"Grande rencontre des arts m\\u00e9diatiques en Gasp\\u00e9sie\"},\"image\":{\"@id\":\"https:\/\/perceides.ca\/grande-rencontre2021\/#logo\"}},{\"@type\":\"WebSite\",\"@id\":\"https:\/\/perceides.ca\/grande-rencontre2021\/#website\",\"url\":\"https:\/\/perceides.ca\/grande-rencontre2021\/\",\"name\":\"6e Grande Rencontre des arts m\\u00e9diatiques en Gasp\\u00e9sie\",\"description\":\"Perc\\u00e9, 2 au 5 septembre 2021\",\"publisher\":{\"@id\":\"https:\/\/perceides.ca\/grande-rencontre2021\/#organization\"},\"potentialAction\":[{\"@type\":\"SearchAction\",\"target\":{\"@type\":\"EntryPoint\",\"urlTemplate\":\"https:\/\/perceides.ca\/grande-rencontre2021\/?s={search_term_string}\"},\"query-input\":\"required name=search_term_string\"}],\"inLanguage\":\"fr-FR\"},{\"@type\":\"ImageObject\",\"@id\":\"https:\/\/perceides.ca\/grande-rencontre2021\/#primaryimage\",\"inLanguage\":\"fr-FR\",\"url\":\"https:\/\/perceides.ca\/grande-rencontre2021\/wp-content\/uploads\/2021\/09\/perceides-grandes-rencontres-poster02Bcrop2.jpg\",\"contentUrl\":\"https:\/\/perceides.ca\/grande-rencontre2021\/wp-content\/uploads\/2021\/09\/perceides-grandes-rencontres-poster02Bcrop2.jpg\",\"width\":952,\"height\":599},{\"@type\":\"WebPage\",\"@id\":\"https:\/\/perceides.ca\/grande-rencontre2021\/#webpage\",\"url\":\"https:\/\/perceides.ca\/grande-rencontre2021\/\",\"name\":\"\\u00c9dition 2021 - 6e Grande Rencontre des arts m\\u00e9diatiques en Gasp\\u00e9sie\",\"isPartOf\":{\"@id\":\"https:\/\/perceides.ca\/grande-rencontre2021\/#website\"},\"primaryImageOfPage\":{\"@id\":\"https:\/\/perceides.ca\/grande-rencontre2021\/#primaryimage\"},\"datePublished\":\"2021-07-04T20:49:32+00:00\",\"dateModified\":\"2021-09-02T17:53:54+00:00\",\"breadcrumb\":{\"@id\":\"https:\/\/perceides.ca\/grande-rencontre2021\/#breadcrumb\"},\"inLanguage\":\"fr-FR\",\"potentialAction\":[{\"@type\":\"ReadAction\",\"target\":[\"https:\/\/perceides.ca\/grande-rencontre2021\/\"]}]},{\"@type\":\"BreadcrumbList\",\"@id\":\"https:\/\/perceides.ca\/grande-rencontre2021\/#breadcrumb\",\"itemListElement\":[{\"@type\":\"ListItem\",\"position\":1,\"name\":\"Accueil\",\"item\":\"https:\/\/perceides.ca\/grande-rencontre2021\/\"},{\"@type\":\"ListItem\",\"position\":2,\"name\":\"\\u00c9dition 2021\"}]}]}<\/script>\n<!-- \/ Yoast SEO plugin. -->","yoast_head_json":{"title":"\u00c9dition 2021 - 6e Grande Rencontre des arts m\u00e9diatiques en Gasp\u00e9sie","robots":{"index":"index","follow":"follow","max-snippet":"max-snippet:-1","max-image-preview":"max-image-preview:large","max-video-preview":"max-video-preview:-1"},"canonical":"https:\/\/perceides.ca\/grande-rencontre2021\/","og_locale":"fr_FR","og_type":"article","og_title":"\u00c9dition 2021 - 6e Grande Rencontre des arts m\u00e9diatiques en Gasp\u00e9sie","og_description":"\u00c9dition 2021 Il me fait plaisir d\u2019assurer le commissariat de La Grande rencontre des arts m\u00e9diatiques en Gasp\u00e9sie 2021. Apr\u00e8s une pause en 2020, nous continuions \u00e0 soutenir les pratiques artistiques ind\u00e9pendantes et \u00e0 cr\u00e9er un \u00e9v\u00e9nement rassembleur centr\u00e9 sur les arts m\u00e9diatiques et les pratiques exp\u00e9rimentales contemporaines qui en d\u00e9coulent. Pr\u00e9senter une programmation d\u2019art [&hellip;]","og_url":"https:\/\/perceides.ca\/grande-rencontre2021\/","og_site_name":"6e Grande Rencontre des arts m\u00e9diatiques en Gasp\u00e9sie","article_modified_time":"2021-09-02T17:53:54+00:00","og_image":[{"width":952,"height":599,"url":"https:\/\/perceides.ca\/grande-rencontre2021\/wp-content\/uploads\/2021\/09\/perceides-grandes-rencontres-poster02Bcrop2.jpg","path":"\/home\/percei\/public_html\/grande-rencontre2021\/wp-content\/uploads\/2021\/09\/perceides-grandes-rencontres-poster02Bcrop2.jpg","size":"full","id":15256,"alt":"","pixels":570248,"type":"image\/jpeg"}],"twitter_card":"summary_large_image","twitter_misc":{"Dur\u00e9e de lecture est.":"2 minutes"},"schema":{"@context":"https:\/\/schema.org","@graph":[{"@type":"Organization","@id":"https:\/\/perceides.ca\/grande-rencontre2021\/#organization","name":"Grande rencontre des arts m\u00e9diatiques en Gasp\u00e9sie","url":"https:\/\/perceides.ca\/grande-rencontre2021\/","sameAs":[],"logo":{"@type":"ImageObject","@id":"https:\/\/perceides.ca\/grande-rencontre2021\/#logo","inLanguage":"fr-FR","url":"https:\/\/perceides.ca\/grande-rencontre2021\/wp-content\/uploads\/2021\/09\/perceides-grandes-rencontres-poster02Bcrop2.jpg","contentUrl":"https:\/\/perceides.ca\/grande-rencontre2021\/wp-content\/uploads\/2021\/09\/perceides-grandes-rencontres-poster02Bcrop2.jpg","width":952,"height":599,"caption":"Grande rencontre des arts m\u00e9diatiques en Gasp\u00e9sie"},"image":{"@id":"https:\/\/perceides.ca\/grande-rencontre2021\/#logo"}},{"@type":"WebSite","@id":"https:\/\/perceides.ca\/grande-rencontre2021\/#website","url":"https:\/\/perceides.ca\/grande-rencontre2021\/","name":"6e Grande Rencontre des arts m\u00e9diatiques en Gasp\u00e9sie","description":"Perc\u00e9, 2 au 5 septembre 2021","publisher":{"@id":"https:\/\/perceides.ca\/grande-rencontre2021\/#organization"},"potentialAction":[{"@type":"SearchAction","target":{"@type":"EntryPoint","urlTemplate":"https:\/\/perceides.ca\/grande-rencontre2021\/?s={search_term_string}"},"query-input":"required name=search_term_string"}],"inLanguage":"fr-FR"},{"@type":"ImageObject","@id":"https:\/\/perceides.ca\/grande-rencontre2021\/#primaryimage","inLanguage":"fr-FR","url":"https:\/\/perceides.ca\/grande-rencontre2021\/wp-content\/uploads\/2021\/09\/perceides-grandes-rencontres-poster02Bcrop2.jpg","contentUrl":"https:\/\/perceides.ca\/grande-rencontre2021\/wp-content\/uploads\/2021\/09\/perceides-grandes-rencontres-poster02Bcrop2.jpg","width":952,"height":599},{"@type":"WebPage","@id":"https:\/\/perceides.ca\/grande-rencontre2021\/#webpage","url":"https:\/\/perceides.ca\/grande-rencontre2021\/","name":"\u00c9dition 2021 - 6e Grande Rencontre des arts m\u00e9diatiques en Gasp\u00e9sie","isPartOf":{"@id":"https:\/\/perceides.ca\/grande-rencontre2021\/#website"},"primaryImageOfPage":{"@id":"https:\/\/perceides.ca\/grande-rencontre2021\/#primaryimage"},"datePublished":"2021-07-04T20:49:32+00:00","dateModified":"2021-09-02T17:53:54+00:00","breadcrumb":{"@id":"https:\/\/perceides.ca\/grande-rencontre2021\/#breadcrumb"},"inLanguage":"fr-FR","potentialAction":[{"@type":"ReadAction","target":["https:\/\/perceides.ca\/grande-rencontre2021\/"]}]},{"@type":"BreadcrumbList","@id":"https:\/\/perceides.ca\/grande-rencontre2021\/#breadcrumb","itemListElement":[{"@type":"ListItem","position":1,"name":"Accueil","item":"https:\/\/perceides.ca\/grande-rencontre2021\/"},{"@type":"ListItem","position":2,"name":"\u00c9dition 2021"}]}]}},"_links":{"self":[{"href":"https:\/\/perceides.ca\/grande-rencontre2021\/wp-json\/wp\/v2\/pages\/13320"}],"collection":[{"href":"https:\/\/perceides.ca\/grande-rencontre2021\/wp-json\/wp\/v2\/pages"}],"about":[{"href":"https:\/\/perceides.ca\/grande-rencontre2021\/wp-json\/wp\/v2\/types\/page"}],"author":[{"embeddable":true,"href":"https:\/\/perceides.ca\/grande-rencontre2021\/wp-json\/wp\/v2\/users\/18"}],"replies":[{"embeddable":true,"href":"https:\/\/perceides.ca\/grande-rencontre2021\/wp-json\/wp\/v2\/comments?post=13320"}],"version-history":[{"count":114,"href":"https:\/\/perceides.ca\/grande-rencontre2021\/wp-json\/wp\/v2\/pages\/13320\/revisions"}],"predecessor-version":[{"id":15252,"href":"https:\/\/perceides.ca\/grande-rencontre2021\/wp-json\/wp\/v2\/pages\/13320\/revisions\/15252"}],"wp:featuredmedia":[{"embeddable":true,"href":"https:\/\/perceides.ca\/grande-rencontre2021\/wp-json\/wp\/v2\/media\/15256"}],"wp:attachment":[{"href":"https:\/\/perceides.ca\/grande-rencontre2021\/wp-json\/wp\/v2\/media?parent=13320"}],"curies":[{"name":"wp","href":"https:\/\/api.w.org\/{rel}","templated":true}]}}