{"id":13821,"date":"2021-07-10T22:53:47","date_gmt":"2021-07-11T03:53:47","guid":{"rendered":"http:\/\/perceides.ca\/grande-rencontre2021\/?page_id=13821"},"modified":"2021-09-02T12:58:39","modified_gmt":"2021-09-02T17:58:39","slug":"contact","status":"publish","type":"page","link":"https:\/\/perceides.ca\/grande-rencontre2021\/contact\/","title":{"rendered":"Contact"},"content":{"rendered":"\t\t<div data-elementor-type=\"wp-page\" data-elementor-id=\"13821\" class=\"elementor elementor-13821\" data-elementor-settings=\"[]\">\n\t\t\t\t\t\t\t<div class=\"elementor-section-wrap\">\n\t\t\t\t\t\t\t<section class=\"elementor-section elementor-top-section elementor-element elementor-element-41f3fa4 elementor-section-boxed elementor-section-height-default elementor-section-height-default\" data-id=\"41f3fa4\" data-element_type=\"section\">\n\t\t\t\t\t\t<div class=\"elementor-container elementor-column-gap-default\">\n\t\t\t\t\t<div class=\"elementor-column elementor-col-33 elementor-top-column elementor-element elementor-element-d714791\" data-id=\"d714791\" data-element_type=\"column\">\n\t\t\t<div class=\"elementor-widget-wrap elementor-element-populated\">\n\t\t\t\t\t\t\t\t<div class=\"elementor-element elementor-element-6342d14 elementor-widget elementor-widget-heading\" data-id=\"6342d14\" data-element_type=\"widget\" data-widget_type=\"heading.default\">\n\t\t\t\t<div class=\"elementor-widget-container\">\n\t\t\t<h2 class=\"elementor-heading-title elementor-size-default\">Coordonn\u00e9es<\/h2>\t\t<\/div>\n\t\t\t\t<\/div>\n\t\t\t\t<div class=\"elementor-element elementor-element-a92061b elementor-widget elementor-widget-text-editor\" data-id=\"a92061b\" data-element_type=\"widget\" data-widget_type=\"text-editor.default\">\n\t\t\t\t<div class=\"elementor-widget-container\">\n\t\t\t\t\t\t\t<p>Centre d\u2019art de Perc\u00e9<\/p><p>162 Route 132 Ouest<br \/>CP 345<br \/>Perc\u00e9, Qu\u00e9bec<br \/>G0C 2L0<br \/>Tel: (1) 418-782-4379<\/p><p><a href=\"mailto:info@perceides.ca\">info@perceides.ca<\/a><\/p><p><strong>LISTE D\u2019ENVOI :<\/strong><\/p>\t\t\t\t\t\t<\/div>\n\t\t\t\t<\/div>\n\t\t\t\t<div class=\"elementor-element elementor-element-49a4130 elementor-widget elementor-widget-button\" data-id=\"49a4130\" data-element_type=\"widget\" data-widget_type=\"button.default\">\n\t\t\t\t<div class=\"elementor-widget-container\">\n\t\t\t\t\t<div class=\"elementor-button-wrapper\">\n\t\t\t<a href=\"http:\/\/perceides.ca\/grande-rencontre2021.ca\/liste-denvoi\/\" class=\"elementor-button-link elementor-button elementor-size-sm\" role=\"button\">\n\t\t\t\t\t\t<span class=\"elementor-button-content-wrapper\">\n\t\t\t\t\t\t<span class=\"elementor-button-text\">S'inscrire<\/span>\n\t\t<\/span>\n\t\t\t\t\t<\/a>\n\t\t<\/div>\n\t\t\t\t<\/div>\n\t\t\t\t<\/div>\n\t\t\t\t\t<\/div>\n\t\t<\/div>\n\t\t\t\t<div class=\"elementor-column elementor-col-66 elementor-top-column elementor-element elementor-element-d21a088\" data-id=\"d21a088\" data-element_type=\"column\">\n\t\t\t<div class=\"elementor-widget-wrap elementor-element-populated\">\n\t\t\t\t\t\t\t\t<div class=\"elementor-element elementor-element-1227282 elementor-widget elementor-widget-google_maps\" data-id=\"1227282\" data-element_type=\"widget\" data-widget_type=\"google_maps.default\">\n\t\t\t\t<div class=\"elementor-widget-container\">\n\t\t\t\t\t<div class=\"elementor-custom-embed\">\n\t\t\t<iframe frameborder=\"0\" scrolling=\"no\" marginheight=\"0\" marginwidth=\"0\"\n\t\t\t\t\tsrc=\"https:\/\/maps.google.com\/maps?q=162%20Route%20132%20Ouest%20Perc%C3%A9&#038;t=m&#038;z=15&#038;output=embed&#038;iwloc=near\"\n\t\t\t\t\ttitle=\"162 Route 132 Ouest Perc\u00e9\"\n\t\t\t\t\taria-label=\"162 Route 132 Ouest Perc\u00e9\"\n\t\t\t><\/iframe>\n\t\t<\/div>\n\t\t\t\t<\/div>\n\t\t\t\t<\/div>\n\t\t\t\t\t<\/div>\n\t\t<\/div>\n\t\t\t\t\t\t\t<\/div>\n\t\t<\/section>\n\t\t\t\t<section class=\"elementor-section elementor-top-section elementor-element elementor-element-e243638 elementor-section-boxed elementor-section-height-default elementor-section-height-default\" data-id=\"e243638\" data-element_type=\"section\">\n\t\t\t\t\t\t<div class=\"elementor-container elementor-column-gap-default\">\n\t\t\t\t\t<div class=\"elementor-column elementor-col-100 elementor-top-column elementor-element elementor-element-4b9b242\" data-id=\"4b9b242\" data-element_type=\"column\">\n\t\t\t<div class=\"elementor-widget-wrap elementor-element-populated\">\n\t\t\t\t\t\t\t\t<div class=\"elementor-element elementor-element-d5c2af2 elementor-widget elementor-widget-heading\" data-id=\"d5c2af2\" data-element_type=\"widget\" data-widget_type=\"heading.default\">\n\t\t\t\t<div class=\"elementor-widget-container\">\n\t\t\t<h2 class=\"elementor-heading-title elementor-size-default\">\u00c9quipe<\/h2>\t\t<\/div>\n\t\t\t\t<\/div>\n\t\t\t\t<div class=\"elementor-element elementor-element-cb69407 elementor-widget elementor-widget-text-editor\" data-id=\"cb69407\" data-element_type=\"widget\" data-widget_type=\"text-editor.default\">\n\t\t\t\t<div class=\"elementor-widget-container\">\n\t\t\t\t\t\t\t<p><strong>Fran\u00e7ois Cormier<\/strong><br \/><span class=\"im\">Directeur g\u00e9n\u00e9ral et artistique, responsable de la programmation<\/span><br \/>francois.cormier@perceides.ca<\/p><p><strong>Jo\u00eblle Bourget<\/strong><br \/>Adjointe administrative et \u00e0 la direction<br \/><a href=\"mailto:joelle.bourget@perceides.ca\">joelle.bourget@perceides.ca<\/a><\/p><p><strong>Esther Bourdages<\/strong><br \/>Commissaire et programmatrice<br \/>Grande rencontre des arts m\u00e9diatiques en Gasp\u00e9sie<br \/><a href=\"mailto:esther.bourdages@gmail.com\">esther.bourdages@perceides.ca<\/a><\/p><p><strong>Olivier Bill Bilodeau<\/strong><br \/>Charg\u00e9 et conseiller \u00e0 la programmation, responsable de l\u2019appel de films 2021<br \/><a href=\"mailto:bill@perceides.ca\">bill@perceides.ca<\/a><\/p><p><strong>Manuel Acevedo<\/strong><br \/>Projectionniste et Technicien<\/p><p><strong>Deanna Radfort<\/strong><br \/>Assistante \u00e0 la production et \u00e0 la coordination<\/p><p><strong>La Bo\u00eete FLEXIBLE<\/strong><br \/>Site Web<\/p><p><strong>Romain Lasser, Olivier Lasser<\/strong><br \/>Graphistes<\/p><p><strong>Pat Tremblay<\/strong><br \/>Illustrateur<\/p><p><strong>Alain et Deana Chalifour<\/strong><br \/>Accueil des invit\u00e9s<\/p><p><strong>William De Merchant<\/strong><br \/>Photographe<\/p><p><strong>Judith Dubeau<\/strong><br \/>Relations de presse-Ixion Communications<br \/><a href=\"mailto:info@ixioncommunications.com\">info@ixioncommunications.com<\/a><\/p><p><strong>Camille Jacque<\/strong><br \/>R\u00e9gie des copies<\/p><p><strong>Cl\u00e9ment Topping<\/strong><br \/>Consultant en gestion<\/p>\t\t\t\t\t\t<\/div>\n\t\t\t\t<\/div>\n\t\t\t\t\t<\/div>\n\t\t<\/div>\n\t\t\t\t\t\t\t<\/div>\n\t\t<\/section>\n\t\t\t\t\t\t<\/div>\n\t\t\t\t\t<\/div>\n\t\t","protected":false},"excerpt":{"rendered":"<p>Coordonn\u00e9es Centre d\u2019art de Perc\u00e9 162 Route 132 Ouest CP 345 Perc\u00e9, Qu\u00e9bec G0C 2L0 Tel: (1) 418-782-4379 info@perceides.ca LISTE D\u2019ENVOI : S&#8217;inscrire \u00c9quipe Fran\u00e7ois Cormier Directeur g\u00e9n\u00e9ral et artistique, responsable de la programmation francois.cormier@perceides.ca Jo\u00eblle Bourget Adjointe administrative et \u00e0 la direction joelle.bourget@perceides.ca Esther Bourdages Commissaire et programmatrice Grande rencontre des arts m\u00e9diatiques en [&hellip;]<\/p>\n","protected":false},"author":18,"featured_media":15256,"parent":0,"menu_order":0,"comment_status":"closed","ping_status":"closed","template":"","meta":[],"yoast_head":"<!-- This site is optimized with the Yoast SEO plugin v16.9 - https:\/\/yoast.com\/wordpress\/plugins\/seo\/ -->\n<title>Contact - 6e Grande Rencontre des arts m\u00e9diatiques en Gasp\u00e9sie<\/title>\n<meta name=\"robots\" content=\"index, follow, max-snippet:-1, max-image-preview:large, max-video-preview:-1\" \/>\n<link rel=\"canonical\" href=\"https:\/\/perceides.ca\/grande-rencontre2021\/contact\/\" \/>\n<meta property=\"og:locale\" content=\"fr_FR\" \/>\n<meta property=\"og:type\" content=\"article\" \/>\n<meta property=\"og:title\" content=\"Contact - 6e Grande Rencontre des arts m\u00e9diatiques en Gasp\u00e9sie\" \/>\n<meta property=\"og:description\" content=\"Coordonn\u00e9es Centre d\u2019art de Perc\u00e9 162 Route 132 Ouest CP 345 Perc\u00e9, Qu\u00e9bec G0C 2L0 Tel: (1) 418-782-4379 info@perceides.ca LISTE D\u2019ENVOI : S&#8217;inscrire \u00c9quipe Fran\u00e7ois Cormier Directeur g\u00e9n\u00e9ral et artistique, responsable de la programmation francois.cormier@perceides.ca Jo\u00eblle Bourget Adjointe administrative et \u00e0 la direction joelle.bourget@perceides.ca Esther Bourdages Commissaire et programmatrice Grande rencontre des arts m\u00e9diatiques en [&hellip;]\" \/>\n<meta property=\"og:url\" content=\"https:\/\/perceides.ca\/grande-rencontre2021\/contact\/\" \/>\n<meta property=\"og:site_name\" content=\"6e Grande Rencontre des arts m\u00e9diatiques en Gasp\u00e9sie\" \/>\n<meta property=\"article:modified_time\" content=\"2021-09-02T17:58:39+00:00\" \/>\n<meta property=\"og:image\" content=\"http:\/\/perceides.ca\/grande-rencontre2021\/wp-content\/uploads\/2021\/09\/perceides-grandes-rencontres-poster02Bcrop2.jpg\" \/>\n\t<meta property=\"og:image:width\" content=\"952\" \/>\n\t<meta property=\"og:image:height\" content=\"599\" \/>\n<meta name=\"twitter:card\" content=\"summary_large_image\" \/>\n<meta name=\"twitter:label1\" content=\"Dur\u00e9e de lecture est.\" \/>\n\t<meta name=\"twitter:data1\" content=\"1 minute\" \/>\n<script type=\"application\/ld+json\" class=\"yoast-schema-graph\">{\"@context\":\"https:\/\/schema.org\",\"@graph\":[{\"@type\":\"Organization\",\"@id\":\"https:\/\/perceides.ca\/grande-rencontre2021\/#organization\",\"name\":\"Grande rencontre des arts m\\u00e9diatiques en Gasp\\u00e9sie\",\"url\":\"https:\/\/perceides.ca\/grande-rencontre2021\/\",\"sameAs\":[],\"logo\":{\"@type\":\"ImageObject\",\"@id\":\"https:\/\/perceides.ca\/grande-rencontre2021\/#logo\",\"inLanguage\":\"fr-FR\",\"url\":\"https:\/\/perceides.ca\/grande-rencontre2021\/wp-content\/uploads\/2021\/09\/perceides-grandes-rencontres-poster02Bcrop2.jpg\",\"contentUrl\":\"https:\/\/perceides.ca\/grande-rencontre2021\/wp-content\/uploads\/2021\/09\/perceides-grandes-rencontres-poster02Bcrop2.jpg\",\"width\":952,\"height\":599,\"caption\":\"Grande rencontre des arts m\\u00e9diatiques en Gasp\\u00e9sie\"},\"image\":{\"@id\":\"https:\/\/perceides.ca\/grande-rencontre2021\/#logo\"}},{\"@type\":\"WebSite\",\"@id\":\"https:\/\/perceides.ca\/grande-rencontre2021\/#website\",\"url\":\"https:\/\/perceides.ca\/grande-rencontre2021\/\",\"name\":\"6e Grande Rencontre des arts m\\u00e9diatiques en Gasp\\u00e9sie\",\"description\":\"Perc\\u00e9, 2 au 5 septembre 2021\",\"publisher\":{\"@id\":\"https:\/\/perceides.ca\/grande-rencontre2021\/#organization\"},\"potentialAction\":[{\"@type\":\"SearchAction\",\"target\":{\"@type\":\"EntryPoint\",\"urlTemplate\":\"https:\/\/perceides.ca\/grande-rencontre2021\/?s={search_term_string}\"},\"query-input\":\"required name=search_term_string\"}],\"inLanguage\":\"fr-FR\"},{\"@type\":\"ImageObject\",\"@id\":\"https:\/\/perceides.ca\/grande-rencontre2021\/contact\/#primaryimage\",\"inLanguage\":\"fr-FR\",\"url\":\"https:\/\/perceides.ca\/grande-rencontre2021\/wp-content\/uploads\/2021\/09\/perceides-grandes-rencontres-poster02Bcrop2.jpg\",\"contentUrl\":\"https:\/\/perceides.ca\/grande-rencontre2021\/wp-content\/uploads\/2021\/09\/perceides-grandes-rencontres-poster02Bcrop2.jpg\",\"width\":952,\"height\":599},{\"@type\":\"WebPage\",\"@id\":\"https:\/\/perceides.ca\/grande-rencontre2021\/contact\/#webpage\",\"url\":\"https:\/\/perceides.ca\/grande-rencontre2021\/contact\/\",\"name\":\"Contact - 6e Grande Rencontre des arts m\\u00e9diatiques en Gasp\\u00e9sie\",\"isPartOf\":{\"@id\":\"https:\/\/perceides.ca\/grande-rencontre2021\/#website\"},\"primaryImageOfPage\":{\"@id\":\"https:\/\/perceides.ca\/grande-rencontre2021\/contact\/#primaryimage\"},\"datePublished\":\"2021-07-11T03:53:47+00:00\",\"dateModified\":\"2021-09-02T17:58:39+00:00\",\"breadcrumb\":{\"@id\":\"https:\/\/perceides.ca\/grande-rencontre2021\/contact\/#breadcrumb\"},\"inLanguage\":\"fr-FR\",\"potentialAction\":[{\"@type\":\"ReadAction\",\"target\":[\"https:\/\/perceides.ca\/grande-rencontre2021\/contact\/\"]}]},{\"@type\":\"BreadcrumbList\",\"@id\":\"https:\/\/perceides.ca\/grande-rencontre2021\/contact\/#breadcrumb\",\"itemListElement\":[{\"@type\":\"ListItem\",\"position\":1,\"name\":\"Accueil\",\"item\":\"https:\/\/perceides.ca\/grande-rencontre2021\/\"},{\"@type\":\"ListItem\",\"position\":2,\"name\":\"Contact\"}]}]}<\/script>\n<!-- \/ Yoast SEO plugin. -->","yoast_head_json":{"title":"Contact - 6e Grande Rencontre des arts m\u00e9diatiques en Gasp\u00e9sie","robots":{"index":"index","follow":"follow","max-snippet":"max-snippet:-1","max-image-preview":"max-image-preview:large","max-video-preview":"max-video-preview:-1"},"canonical":"https:\/\/perceides.ca\/grande-rencontre2021\/contact\/","og_locale":"fr_FR","og_type":"article","og_title":"Contact - 6e Grande Rencontre des arts m\u00e9diatiques en Gasp\u00e9sie","og_description":"Coordonn\u00e9es Centre d\u2019art de Perc\u00e9 162 Route 132 Ouest CP 345 Perc\u00e9, Qu\u00e9bec G0C 2L0 Tel: (1) 418-782-4379 info@perceides.ca LISTE D\u2019ENVOI : S&#8217;inscrire \u00c9quipe Fran\u00e7ois Cormier Directeur g\u00e9n\u00e9ral et artistique, responsable de la programmation francois.cormier@perceides.ca Jo\u00eblle Bourget Adjointe administrative et \u00e0 la direction joelle.bourget@perceides.ca Esther Bourdages Commissaire et programmatrice Grande rencontre des arts m\u00e9diatiques en [&hellip;]","og_url":"https:\/\/perceides.ca\/grande-rencontre2021\/contact\/","og_site_name":"6e Grande Rencontre des arts m\u00e9diatiques en Gasp\u00e9sie","article_modified_time":"2021-09-02T17:58:39+00:00","og_image":[{"width":952,"height":599,"url":"http:\/\/perceides.ca\/grande-rencontre2021\/wp-content\/uploads\/2021\/09\/perceides-grandes-rencontres-poster02Bcrop2.jpg","path":"\/home\/percei\/public_html\/grande-rencontre2021\/wp-content\/uploads\/2021\/09\/perceides-grandes-rencontres-poster02Bcrop2.jpg","size":"full","id":15256,"alt":"","pixels":570248,"type":"image\/jpeg"}],"twitter_card":"summary_large_image","twitter_misc":{"Dur\u00e9e de lecture est.":"1 minute"},"schema":{"@context":"https:\/\/schema.org","@graph":[{"@type":"Organization","@id":"https:\/\/perceides.ca\/grande-rencontre2021\/#organization","name":"Grande rencontre des arts m\u00e9diatiques en Gasp\u00e9sie","url":"https:\/\/perceides.ca\/grande-rencontre2021\/","sameAs":[],"logo":{"@type":"ImageObject","@id":"https:\/\/perceides.ca\/grande-rencontre2021\/#logo","inLanguage":"fr-FR","url":"https:\/\/perceides.ca\/grande-rencontre2021\/wp-content\/uploads\/2021\/09\/perceides-grandes-rencontres-poster02Bcrop2.jpg","contentUrl":"https:\/\/perceides.ca\/grande-rencontre2021\/wp-content\/uploads\/2021\/09\/perceides-grandes-rencontres-poster02Bcrop2.jpg","width":952,"height":599,"caption":"Grande rencontre des arts m\u00e9diatiques en Gasp\u00e9sie"},"image":{"@id":"https:\/\/perceides.ca\/grande-rencontre2021\/#logo"}},{"@type":"WebSite","@id":"https:\/\/perceides.ca\/grande-rencontre2021\/#website","url":"https:\/\/perceides.ca\/grande-rencontre2021\/","name":"6e Grande Rencontre des arts m\u00e9diatiques en Gasp\u00e9sie","description":"Perc\u00e9, 2 au 5 septembre 2021","publisher":{"@id":"https:\/\/perceides.ca\/grande-rencontre2021\/#organization"},"potentialAction":[{"@type":"SearchAction","target":{"@type":"EntryPoint","urlTemplate":"https:\/\/perceides.ca\/grande-rencontre2021\/?s={search_term_string}"},"query-input":"required name=search_term_string"}],"inLanguage":"fr-FR"},{"@type":"ImageObject","@id":"https:\/\/perceides.ca\/grande-rencontre2021\/contact\/#primaryimage","inLanguage":"fr-FR","url":"https:\/\/perceides.ca\/grande-rencontre2021\/wp-content\/uploads\/2021\/09\/perceides-grandes-rencontres-poster02Bcrop2.jpg","contentUrl":"https:\/\/perceides.ca\/grande-rencontre2021\/wp-content\/uploads\/2021\/09\/perceides-grandes-rencontres-poster02Bcrop2.jpg","width":952,"height":599},{"@type":"WebPage","@id":"https:\/\/perceides.ca\/grande-rencontre2021\/contact\/#webpage","url":"https:\/\/perceides.ca\/grande-rencontre2021\/contact\/","name":"Contact - 6e Grande Rencontre des arts m\u00e9diatiques en Gasp\u00e9sie","isPartOf":{"@id":"https:\/\/perceides.ca\/grande-rencontre2021\/#website"},"primaryImageOfPage":{"@id":"https:\/\/perceides.ca\/grande-rencontre2021\/contact\/#primaryimage"},"datePublished":"2021-07-11T03:53:47+00:00","dateModified":"2021-09-02T17:58:39+00:00","breadcrumb":{"@id":"https:\/\/perceides.ca\/grande-rencontre2021\/contact\/#breadcrumb"},"inLanguage":"fr-FR","potentialAction":[{"@type":"ReadAction","target":["https:\/\/perceides.ca\/grande-rencontre2021\/contact\/"]}]},{"@type":"BreadcrumbList","@id":"https:\/\/perceides.ca\/grande-rencontre2021\/contact\/#breadcrumb","itemListElement":[{"@type":"ListItem","position":1,"name":"Accueil","item":"https:\/\/perceides.ca\/grande-rencontre2021\/"},{"@type":"ListItem","position":2,"name":"Contact"}]}]}},"_links":{"self":[{"href":"https:\/\/perceides.ca\/grande-rencontre2021\/wp-json\/wp\/v2\/pages\/13821"}],"collection":[{"href":"https:\/\/perceides.ca\/grande-rencontre2021\/wp-json\/wp\/v2\/pages"}],"about":[{"href":"https:\/\/perceides.ca\/grande-rencontre2021\/wp-json\/wp\/v2\/types\/page"}],"author":[{"embeddable":true,"href":"https:\/\/perceides.ca\/grande-rencontre2021\/wp-json\/wp\/v2\/users\/18"}],"replies":[{"embeddable":true,"href":"https:\/\/perceides.ca\/grande-rencontre2021\/wp-json\/wp\/v2\/comments?post=13821"}],"version-history":[{"count":20,"href":"https:\/\/perceides.ca\/grande-rencontre2021\/wp-json\/wp\/v2\/pages\/13821\/revisions"}],"predecessor-version":[{"id":15257,"href":"https:\/\/perceides.ca\/grande-rencontre2021\/wp-json\/wp\/v2\/pages\/13821\/revisions\/15257"}],"wp:featuredmedia":[{"embeddable":true,"href":"https:\/\/perceides.ca\/grande-rencontre2021\/wp-json\/wp\/v2\/media\/15256"}],"wp:attachment":[{"href":"https:\/\/perceides.ca\/grande-rencontre2021\/wp-json\/wp\/v2\/media?parent=13821"}],"curies":[{"name":"wp","href":"https:\/\/api.w.org\/{rel}","templated":true}]}}