{"id":5889,"date":"2017-08-09T14:25:31","date_gmt":"2017-08-09T19:25:31","guid":{"rendered":"http:\/\/perceides.ca\/grande-rencontre2021\/?page_id=5889"},"modified":"2021-09-02T13:10:40","modified_gmt":"2021-09-02T18:10:40","slug":"salle-de-presse","status":"publish","type":"page","link":"https:\/\/perceides.ca\/grande-rencontre2021\/salle-de-presse\/","title":{"rendered":"Salle de presse"},"content":{"rendered":"\t\t<div data-elementor-type=\"wp-page\" data-elementor-id=\"5889\" class=\"elementor elementor-5889\" data-elementor-settings=\"[]\">\n\t\t\t\t\t\t\t<div class=\"elementor-section-wrap\">\n\t\t\t\t\t\t\t<section class=\"elementor-section elementor-top-section elementor-element elementor-element-ba2e820 elementor-section-boxed elementor-section-height-default elementor-section-height-default\" data-id=\"ba2e820\" data-element_type=\"section\">\n\t\t\t\t\t\t<div class=\"elementor-container elementor-column-gap-default\">\n\t\t\t\t\t<div class=\"elementor-column elementor-col-100 elementor-top-column elementor-element elementor-element-9b71afe\" data-id=\"9b71afe\" data-element_type=\"column\">\n\t\t\t<div class=\"elementor-widget-wrap elementor-element-populated\">\n\t\t\t\t\t\t\t\t<div class=\"elementor-element elementor-element-c78f25a elementor-widget elementor-widget-text-editor\" data-id=\"c78f25a\" data-element_type=\"widget\" data-widget_type=\"text-editor.default\">\n\t\t\t\t<div class=\"elementor-widget-container\">\n\t\t\t\t\t\t\t<h2>La Grande rencontre des arts m\u00e9diatiques en Gasp\u00e9sie, 6e \u00e9dition<\/h2><p>Centre d&#8217;Art de Perc\u00e9,\u00a0 2-5 septembre 2021<\/p><p><b>BANDE ANNONCE<\/b><\/p>\t\t\t\t\t\t<\/div>\n\t\t\t\t<\/div>\n\t\t\t\t\t<\/div>\n\t\t<\/div>\n\t\t\t\t\t\t\t<\/div>\n\t\t<\/section>\n\t\t\t\t<section class=\"elementor-section elementor-top-section elementor-element elementor-element-8ce88c7 elementor-section-height-min-height elementor-section-boxed elementor-section-height-default elementor-section-items-middle\" data-id=\"8ce88c7\" data-element_type=\"section\" data-settings=\"{&quot;background_background&quot;:&quot;video&quot;,&quot;background_video_link&quot;:&quot;https:\\\/\\\/vimeo.com\\\/manage\\\/videos\\\/593901538&quot;}\">\n\t\t\t\t\t\t\t\t<div class=\"elementor-background-video-container elementor-hidden-phone\">\n\t\t\t\t\t\t\t\t\t\t\t\t\t<div class=\"elementor-background-video-embed\"><\/div>\n\t\t\t\t\t\t\t\t\t\t\t\t<\/div>\n\t\t\t\t\t\t\t\t<div class=\"elementor-container elementor-column-gap-default\">\n\t\t\t\t\t<div class=\"elementor-column elementor-col-100 elementor-top-column elementor-element elementor-element-1dd8835\" data-id=\"1dd8835\" data-element_type=\"column\">\n\t\t\t<div class=\"elementor-widget-wrap elementor-element-populated\">\n\t\t\t\t\t\t\t\t<div class=\"elementor-element elementor-element-cdf8c5f elementor-aspect-ratio-169 elementor-widget elementor-widget-video\" data-id=\"cdf8c5f\" data-element_type=\"widget\" data-settings=\"{&quot;video_type&quot;:&quot;vimeo&quot;,&quot;start&quot;:0,&quot;aspect_ratio&quot;:&quot;169&quot;}\" data-widget_type=\"video.default\">\n\t\t\t\t<div class=\"elementor-widget-container\">\n\t\t\t\t\t<div class=\"elementor-wrapper elementor-fit-aspect-ratio elementor-open-inline\">\n\t\t\t<iframe class=\"elementor-video-iframe\" allowfullscreen title=\"Lecteur vid\u00e9o vimeo\" src=\"https:\/\/player.vimeo.com\/video\/593901538?color&amp;autopause=0&amp;loop=0&amp;muted=0&amp;title=1&amp;portrait=1&amp;byline=1#t=\"><\/iframe>\t\t<\/div>\n\t\t\t\t<\/div>\n\t\t\t\t<\/div>\n\t\t\t\t\t<\/div>\n\t\t<\/div>\n\t\t\t\t\t\t\t<\/div>\n\t\t<\/section>\n\t\t\t\t<section class=\"elementor-section elementor-top-section elementor-element elementor-element-98de9ce elementor-section-boxed elementor-section-height-default elementor-section-height-default\" data-id=\"98de9ce\" data-element_type=\"section\">\n\t\t\t\t\t\t<div class=\"elementor-container elementor-column-gap-default\">\n\t\t\t\t\t<div class=\"elementor-column elementor-col-100 elementor-top-column elementor-element elementor-element-bd80c9e\" data-id=\"bd80c9e\" data-element_type=\"column\">\n\t\t\t<div class=\"elementor-widget-wrap elementor-element-populated\">\n\t\t\t\t\t\t\t\t<div class=\"elementor-element elementor-element-ab7bcfe elementor-widget elementor-widget-text-editor\" data-id=\"ab7bcfe\" data-element_type=\"widget\" data-widget_type=\"text-editor.default\">\n\t\t\t\t<div class=\"elementor-widget-container\">\n\t\t\t\t\t\t\t<p><b>COMMUNIQU\u00c9 DE PRESSE (<\/b><b><a href=\"http:\/\/perceides.ca\/grande-rencontre2021\/wp-content\/uploads\/2021\/08\/communique-gram2021-estherb_master.pdf\" target=\"_blank\" rel=\"noopener\">PDF) (<\/a><\/b><a href=\"http:\/\/perceides.ca\/grande-rencontre2021\/wp-content\/uploads\/2021\/08\/communique-gram2021-estherb_master.docx\" target=\"_blank\" rel=\"noopener\">.doc)<\/a><\/p><p><b><a href=\"http:\/\/perceides.ca\/grande-rencontre2021\/wp-content\/uploads\/2021\/08\/grille_horaire_gram_2021_petit.pdf\" target=\"_blank\" rel=\"noopener\">GRILLE HORAIRE (PDF)<\/a><\/b><br \/><b><\/b><\/p><p><b>DOSSIER D&#8217;IMAGES<\/b><\/p><p><a href=\"http:\/\/perceides.ca\/grande-rencontre2021\/wp-content\/uploads\/2021\/08\/Areum_LEE_-My-Mother-is-Data_video_web_.jpg\">Ahreum LEE, <em>My Mother is Data,<\/em> web art performance, 2020.<\/a><\/p><p><a href=\"http:\/\/perceides.ca\/grande-rencontre2021\/wp-content\/uploads\/2021\/08\/ijo_et_ivetta_performance_Night_Vision-Camera.jpg\">ijo et Sunyoung Kang, <em>Night Vision Camera,<\/em> performance, 2021.<\/a><\/p><p><a href=\"http:\/\/perceides.ca\/grande-rencontre2021\/wp-content\/uploads\/2021\/08\/monologues_du_paon_photo.jpg\">Philippe Battikha, trompette, Maril\u00e8ne Provencher-Leduc, fl\u00fbte, Juliette Malgrange, violoncelle, Alex Lane, artiste sonore, \u00c9tienne Lebel, trombone, Matthew Wolkow, r\u00e9alisation, voix et cymbales, <em>Monologues du Paon<\/em>, Cin\u00e9-concert, 2020.<\/a><\/p><p><a href=\"http:\/\/perceides.ca\/grande-rencontre2021\/wp-content\/uploads\/2021\/08\/hussain_film_joanne_belloco.jpg\" target=\"_blank\" rel=\"noopener\">Joanne Belluco, <em>KARIM HUSSAIN ET LE RENOUVEAU DU CIN\u00c9MA DE GENRE AU CANADA<\/em>, film, 2020.<\/a><\/p><p><a href=\"http:\/\/perceides.ca\/grande-rencontre2021\/wp-content\/uploads\/2021\/08\/Tavera_EntreRios-1.png\">Santiago Tavera et Milton Ria\u00f1o, <em>Entre Rios,<\/em> vid\u00e9o art, 2021.<\/a><\/p><p><a href=\"http:\/\/perceides.ca\/grande-rencontre2021\/wp-content\/uploads\/2021\/08\/1_Photo_principale_signe_e-Nib8i_wi-Marie-Jose_e_Tremblay-GIV-Distribution-2019-scaled.jpg\" target=\"_blank\" rel=\"noopener\">Marie-Jos\u00e9e Tremblay, <em>NIB8\u00cfWI \/ DURANT LA NUIT<\/em>, 2019.<\/a><\/p><div><a href=\"http:\/\/perceides.ca\/grande-rencontre2021\/wp-content\/uploads\/2021\/08\/Du_vivant_film_eric_normand_st_jean_lauzier-scaled.jpg\" target=\"_blank\" rel=\"noopener\">\u00c9ric Normand, Annie St-Jean, Philippe Lauzier, <em>Du Vivant,<\/em> 2021.<\/a><\/div><div>\u00a0<\/div><div>\u00a0<\/div><div>\u00a0<\/div><p><b>\u00a0<\/b><\/p>\t\t\t\t\t\t<\/div>\n\t\t\t\t<\/div>\n\t\t\t\t\t<\/div>\n\t\t<\/div>\n\t\t\t\t\t\t\t<\/div>\n\t\t<\/section>\n\t\t\t\t<section class=\"elementor-section elementor-top-section elementor-element elementor-element-f3a2f45 elementor-section-boxed elementor-section-height-default elementor-section-height-default\" data-id=\"f3a2f45\" data-element_type=\"section\">\n\t\t\t\t\t\t<div class=\"elementor-container elementor-column-gap-default\">\n\t\t\t\t\t<div class=\"elementor-column elementor-col-100 elementor-top-column elementor-element elementor-element-13d8546\" data-id=\"13d8546\" data-element_type=\"column\">\n\t\t\t<div class=\"elementor-widget-wrap\">\n\t\t\t\t\t\t\t\t\t<\/div>\n\t\t<\/div>\n\t\t\t\t\t\t\t<\/div>\n\t\t<\/section>\n\t\t\t\t\t\t<\/div>\n\t\t\t\t\t<\/div>\n\t\t","protected":false},"excerpt":{"rendered":"<p>La Grande rencontre des arts m\u00e9diatiques en Gasp\u00e9sie, 6e \u00e9dition Centre d&#8217;Art de Perc\u00e9,&nbsp; 2-5 septembre 2021 BANDE ANNONCE https:\/\/vimeo.com\/manage\/videos\/593901538 COMMUNIQU\u00c9 DE PRESSE (PDF) (.doc) GRILLE HORAIRE (PDF) DOSSIER D&#8217;IMAGES Ahreum LEE, My Mother is Data, web art performance, 2020. ijo et Sunyoung Kang, Night Vision Camera, performance, 2021. Philippe Battikha, trompette, Maril\u00e8ne Provencher-Leduc, fl\u00fbte, [&hellip;]<\/p>\n","protected":false},"author":18,"featured_media":15256,"parent":0,"menu_order":0,"comment_status":"closed","ping_status":"closed","template":"","meta":[],"yoast_head":"<!-- This site is optimized with the Yoast SEO plugin v16.9 - https:\/\/yoast.com\/wordpress\/plugins\/seo\/ -->\n<title>Salle de presse - 6e Grande Rencontre des arts m\u00e9diatiques en Gasp\u00e9sie<\/title>\n<meta name=\"robots\" content=\"index, follow, max-snippet:-1, max-image-preview:large, max-video-preview:-1\" \/>\n<link rel=\"canonical\" href=\"https:\/\/perceides.ca\/grande-rencontre2021\/salle-de-presse\/\" \/>\n<meta property=\"og:locale\" content=\"fr_FR\" \/>\n<meta property=\"og:type\" content=\"article\" \/>\n<meta property=\"og:title\" content=\"Salle de presse - 6e Grande Rencontre des arts m\u00e9diatiques en Gasp\u00e9sie\" \/>\n<meta property=\"og:description\" content=\"La Grande rencontre des arts m\u00e9diatiques en Gasp\u00e9sie, 6e \u00e9dition Centre d&#8217;Art de Perc\u00e9,&nbsp; 2-5 septembre 2021 BANDE ANNONCE https:\/\/vimeo.com\/manage\/videos\/593901538 COMMUNIQU\u00c9 DE PRESSE (PDF) (.doc) GRILLE HORAIRE (PDF) DOSSIER D&#8217;IMAGES Ahreum LEE, My Mother is Data, web art performance, 2020. ijo et Sunyoung Kang, Night Vision Camera, performance, 2021. Philippe Battikha, trompette, Maril\u00e8ne Provencher-Leduc, fl\u00fbte, [&hellip;]\" \/>\n<meta property=\"og:url\" content=\"https:\/\/perceides.ca\/grande-rencontre2021\/salle-de-presse\/\" \/>\n<meta property=\"og:site_name\" content=\"6e Grande Rencontre des arts m\u00e9diatiques en Gasp\u00e9sie\" \/>\n<meta property=\"article:modified_time\" content=\"2021-09-02T18:10:40+00:00\" \/>\n<meta property=\"og:image\" content=\"http:\/\/perceides.ca\/grande-rencontre2021\/wp-content\/uploads\/2021\/09\/perceides-grandes-rencontres-poster02Bcrop2.jpg\" \/>\n\t<meta property=\"og:image:width\" content=\"952\" \/>\n\t<meta property=\"og:image:height\" content=\"599\" \/>\n<meta name=\"twitter:card\" content=\"summary_large_image\" \/>\n<meta name=\"twitter:label1\" content=\"Dur\u00e9e de lecture est.\" \/>\n\t<meta name=\"twitter:data1\" content=\"1 minute\" \/>\n<script type=\"application\/ld+json\" class=\"yoast-schema-graph\">{\"@context\":\"https:\/\/schema.org\",\"@graph\":[{\"@type\":\"Organization\",\"@id\":\"https:\/\/perceides.ca\/grande-rencontre2021\/#organization\",\"name\":\"Grande rencontre des arts m\\u00e9diatiques en Gasp\\u00e9sie\",\"url\":\"https:\/\/perceides.ca\/grande-rencontre2021\/\",\"sameAs\":[],\"logo\":{\"@type\":\"ImageObject\",\"@id\":\"https:\/\/perceides.ca\/grande-rencontre2021\/#logo\",\"inLanguage\":\"fr-FR\",\"url\":\"https:\/\/perceides.ca\/grande-rencontre2021\/wp-content\/uploads\/2021\/09\/perceides-grandes-rencontres-poster02Bcrop2.jpg\",\"contentUrl\":\"https:\/\/perceides.ca\/grande-rencontre2021\/wp-content\/uploads\/2021\/09\/perceides-grandes-rencontres-poster02Bcrop2.jpg\",\"width\":952,\"height\":599,\"caption\":\"Grande rencontre des arts m\\u00e9diatiques en Gasp\\u00e9sie\"},\"image\":{\"@id\":\"https:\/\/perceides.ca\/grande-rencontre2021\/#logo\"}},{\"@type\":\"WebSite\",\"@id\":\"https:\/\/perceides.ca\/grande-rencontre2021\/#website\",\"url\":\"https:\/\/perceides.ca\/grande-rencontre2021\/\",\"name\":\"6e Grande Rencontre des arts m\\u00e9diatiques en Gasp\\u00e9sie\",\"description\":\"Perc\\u00e9, 2 au 5 septembre 2021\",\"publisher\":{\"@id\":\"https:\/\/perceides.ca\/grande-rencontre2021\/#organization\"},\"potentialAction\":[{\"@type\":\"SearchAction\",\"target\":{\"@type\":\"EntryPoint\",\"urlTemplate\":\"https:\/\/perceides.ca\/grande-rencontre2021\/?s={search_term_string}\"},\"query-input\":\"required name=search_term_string\"}],\"inLanguage\":\"fr-FR\"},{\"@type\":\"ImageObject\",\"@id\":\"https:\/\/perceides.ca\/grande-rencontre2021\/salle-de-presse\/#primaryimage\",\"inLanguage\":\"fr-FR\",\"url\":\"https:\/\/perceides.ca\/grande-rencontre2021\/wp-content\/uploads\/2021\/09\/perceides-grandes-rencontres-poster02Bcrop2.jpg\",\"contentUrl\":\"https:\/\/perceides.ca\/grande-rencontre2021\/wp-content\/uploads\/2021\/09\/perceides-grandes-rencontres-poster02Bcrop2.jpg\",\"width\":952,\"height\":599},{\"@type\":\"WebPage\",\"@id\":\"https:\/\/perceides.ca\/grande-rencontre2021\/salle-de-presse\/#webpage\",\"url\":\"https:\/\/perceides.ca\/grande-rencontre2021\/salle-de-presse\/\",\"name\":\"Salle de presse - 6e Grande Rencontre des arts m\\u00e9diatiques en Gasp\\u00e9sie\",\"isPartOf\":{\"@id\":\"https:\/\/perceides.ca\/grande-rencontre2021\/#website\"},\"primaryImageOfPage\":{\"@id\":\"https:\/\/perceides.ca\/grande-rencontre2021\/salle-de-presse\/#primaryimage\"},\"datePublished\":\"2017-08-09T19:25:31+00:00\",\"dateModified\":\"2021-09-02T18:10:40+00:00\",\"breadcrumb\":{\"@id\":\"https:\/\/perceides.ca\/grande-rencontre2021\/salle-de-presse\/#breadcrumb\"},\"inLanguage\":\"fr-FR\",\"potentialAction\":[{\"@type\":\"ReadAction\",\"target\":[\"https:\/\/perceides.ca\/grande-rencontre2021\/salle-de-presse\/\"]}]},{\"@type\":\"BreadcrumbList\",\"@id\":\"https:\/\/perceides.ca\/grande-rencontre2021\/salle-de-presse\/#breadcrumb\",\"itemListElement\":[{\"@type\":\"ListItem\",\"position\":1,\"name\":\"Accueil\",\"item\":\"https:\/\/perceides.ca\/grande-rencontre2021\/\"},{\"@type\":\"ListItem\",\"position\":2,\"name\":\"Salle de presse\"}]}]}<\/script>\n<!-- \/ Yoast SEO plugin. -->","yoast_head_json":{"title":"Salle de presse - 6e Grande Rencontre des arts m\u00e9diatiques en Gasp\u00e9sie","robots":{"index":"index","follow":"follow","max-snippet":"max-snippet:-1","max-image-preview":"max-image-preview:large","max-video-preview":"max-video-preview:-1"},"canonical":"https:\/\/perceides.ca\/grande-rencontre2021\/salle-de-presse\/","og_locale":"fr_FR","og_type":"article","og_title":"Salle de presse - 6e Grande Rencontre des arts m\u00e9diatiques en Gasp\u00e9sie","og_description":"La Grande rencontre des arts m\u00e9diatiques en Gasp\u00e9sie, 6e \u00e9dition Centre d&#8217;Art de Perc\u00e9,&nbsp; 2-5 septembre 2021 BANDE ANNONCE https:\/\/vimeo.com\/manage\/videos\/593901538 COMMUNIQU\u00c9 DE PRESSE (PDF) (.doc) GRILLE HORAIRE (PDF) DOSSIER D&#8217;IMAGES Ahreum LEE, My Mother is Data, web art performance, 2020. ijo et Sunyoung Kang, Night Vision Camera, performance, 2021. Philippe Battikha, trompette, Maril\u00e8ne Provencher-Leduc, fl\u00fbte, [&hellip;]","og_url":"https:\/\/perceides.ca\/grande-rencontre2021\/salle-de-presse\/","og_site_name":"6e Grande Rencontre des arts m\u00e9diatiques en Gasp\u00e9sie","article_modified_time":"2021-09-02T18:10:40+00:00","og_image":[{"width":952,"height":599,"url":"http:\/\/perceides.ca\/grande-rencontre2021\/wp-content\/uploads\/2021\/09\/perceides-grandes-rencontres-poster02Bcrop2.jpg","path":"\/home\/percei\/public_html\/grande-rencontre2021\/wp-content\/uploads\/2021\/09\/perceides-grandes-rencontres-poster02Bcrop2.jpg","size":"full","id":15256,"alt":"","pixels":570248,"type":"image\/jpeg"}],"twitter_card":"summary_large_image","twitter_misc":{"Dur\u00e9e de lecture est.":"1 minute"},"schema":{"@context":"https:\/\/schema.org","@graph":[{"@type":"Organization","@id":"https:\/\/perceides.ca\/grande-rencontre2021\/#organization","name":"Grande rencontre des arts m\u00e9diatiques en Gasp\u00e9sie","url":"https:\/\/perceides.ca\/grande-rencontre2021\/","sameAs":[],"logo":{"@type":"ImageObject","@id":"https:\/\/perceides.ca\/grande-rencontre2021\/#logo","inLanguage":"fr-FR","url":"https:\/\/perceides.ca\/grande-rencontre2021\/wp-content\/uploads\/2021\/09\/perceides-grandes-rencontres-poster02Bcrop2.jpg","contentUrl":"https:\/\/perceides.ca\/grande-rencontre2021\/wp-content\/uploads\/2021\/09\/perceides-grandes-rencontres-poster02Bcrop2.jpg","width":952,"height":599,"caption":"Grande rencontre des arts m\u00e9diatiques en Gasp\u00e9sie"},"image":{"@id":"https:\/\/perceides.ca\/grande-rencontre2021\/#logo"}},{"@type":"WebSite","@id":"https:\/\/perceides.ca\/grande-rencontre2021\/#website","url":"https:\/\/perceides.ca\/grande-rencontre2021\/","name":"6e Grande Rencontre des arts m\u00e9diatiques en Gasp\u00e9sie","description":"Perc\u00e9, 2 au 5 septembre 2021","publisher":{"@id":"https:\/\/perceides.ca\/grande-rencontre2021\/#organization"},"potentialAction":[{"@type":"SearchAction","target":{"@type":"EntryPoint","urlTemplate":"https:\/\/perceides.ca\/grande-rencontre2021\/?s={search_term_string}"},"query-input":"required name=search_term_string"}],"inLanguage":"fr-FR"},{"@type":"ImageObject","@id":"https:\/\/perceides.ca\/grande-rencontre2021\/salle-de-presse\/#primaryimage","inLanguage":"fr-FR","url":"https:\/\/perceides.ca\/grande-rencontre2021\/wp-content\/uploads\/2021\/09\/perceides-grandes-rencontres-poster02Bcrop2.jpg","contentUrl":"https:\/\/perceides.ca\/grande-rencontre2021\/wp-content\/uploads\/2021\/09\/perceides-grandes-rencontres-poster02Bcrop2.jpg","width":952,"height":599},{"@type":"WebPage","@id":"https:\/\/perceides.ca\/grande-rencontre2021\/salle-de-presse\/#webpage","url":"https:\/\/perceides.ca\/grande-rencontre2021\/salle-de-presse\/","name":"Salle de presse - 6e Grande Rencontre des arts m\u00e9diatiques en Gasp\u00e9sie","isPartOf":{"@id":"https:\/\/perceides.ca\/grande-rencontre2021\/#website"},"primaryImageOfPage":{"@id":"https:\/\/perceides.ca\/grande-rencontre2021\/salle-de-presse\/#primaryimage"},"datePublished":"2017-08-09T19:25:31+00:00","dateModified":"2021-09-02T18:10:40+00:00","breadcrumb":{"@id":"https:\/\/perceides.ca\/grande-rencontre2021\/salle-de-presse\/#breadcrumb"},"inLanguage":"fr-FR","potentialAction":[{"@type":"ReadAction","target":["https:\/\/perceides.ca\/grande-rencontre2021\/salle-de-presse\/"]}]},{"@type":"BreadcrumbList","@id":"https:\/\/perceides.ca\/grande-rencontre2021\/salle-de-presse\/#breadcrumb","itemListElement":[{"@type":"ListItem","position":1,"name":"Accueil","item":"https:\/\/perceides.ca\/grande-rencontre2021\/"},{"@type":"ListItem","position":2,"name":"Salle de presse"}]}]}},"_links":{"self":[{"href":"https:\/\/perceides.ca\/grande-rencontre2021\/wp-json\/wp\/v2\/pages\/5889"}],"collection":[{"href":"https:\/\/perceides.ca\/grande-rencontre2021\/wp-json\/wp\/v2\/pages"}],"about":[{"href":"https:\/\/perceides.ca\/grande-rencontre2021\/wp-json\/wp\/v2\/types\/page"}],"author":[{"embeddable":true,"href":"https:\/\/perceides.ca\/grande-rencontre2021\/wp-json\/wp\/v2\/users\/18"}],"replies":[{"embeddable":true,"href":"https:\/\/perceides.ca\/grande-rencontre2021\/wp-json\/wp\/v2\/comments?post=5889"}],"version-history":[{"count":192,"href":"https:\/\/perceides.ca\/grande-rencontre2021\/wp-json\/wp\/v2\/pages\/5889\/revisions"}],"predecessor-version":[{"id":15264,"href":"https:\/\/perceides.ca\/grande-rencontre2021\/wp-json\/wp\/v2\/pages\/5889\/revisions\/15264"}],"wp:featuredmedia":[{"embeddable":true,"href":"https:\/\/perceides.ca\/grande-rencontre2021\/wp-json\/wp\/v2\/media\/15256"}],"wp:attachment":[{"href":"https:\/\/perceides.ca\/grande-rencontre2021\/wp-json\/wp\/v2\/media?parent=5889"}],"curies":[{"name":"wp","href":"https:\/\/api.w.org\/{rel}","templated":true}]}}